{"id":4525,"date":"2019-09-29T20:32:24","date_gmt":"2019-09-29T20:32:24","guid":{"rendered":"http:\/\/arsvivabcn.com\/?page_id=4525"},"modified":"2019-10-13T14:42:57","modified_gmt":"2019-10-13T14:42:57","slug":"promo-descobrint","status":"publish","type":"page","link":"http:\/\/arsvivabcn.com\/es\/promo-descobrint\/","title":{"rendered":"Descobrint la m\u00fasica"},"content":{"rendered":"<section class=\"wpb-content-wrapper\"><div class=\"vc_row wpb_row vc_row-fluid\" data-lang=\"Catalan\"><div class=\"wpb_column vc_column_container vc_col-sm-6 vc_col-has-fill\"><div class=\"vc_column-inner vc_custom_1569800775507\"><div class=\"wpb_wrapper\">[themeum_title layout=&#8221;leftborder&#8221; alignment=&#8221;left&#8221; title=&#8221;La m\u00fasica \u00e9s el llenguatge de les emocions&#8221; title_style=&#8221;customstyle&#8221; title_heading=&#8221;h3&#8243; title_size=&#8221;16&#8243; title_line_height=&#8221;0&#8243; title_color=&#8221;#000000&#8243; title_weight=&#8221;700&#8243; title_margin=&#8221;0 0px 26px 0px&#8221; title_padding=&#8221;0&#8243; sub_title_style=&#8221;customstylesub&#8221; sub_title_heading=&#8221;h3&#8243; sub_title_weight=&#8221;&#8221;]\n\t<div  class=\"wpb_single_image wpb_content_element vc_align_left\">\n\t\t\n\t\t<figure class=\"wpb_wrapper vc_figure\">\n\t\t\t<div class=\"vc_single_image-wrapper   vc_box_border_grey\"><img loading=\"lazy\" decoding=\"async\" class=\"vc_single_image-img \" src=\"http:\/\/arsvivabcn.com\/wp-content\/uploads\/2019\/09\/child-1528309_1920-300x426.jpg\" width=\"300\" height=\"426\" alt=\"child-1528309_1920\" title=\"child-1528309_1920\" \/><\/div>\n\t\t<\/figure>\n\t<\/div>\n<\/div><\/div><\/div><div class=\"wpb_column vc_column_container vc_col-sm-6 vc_col-has-fill\"><div class=\"vc_column-inner vc_custom_1569799645036\"><div class=\"wpb_wrapper\">[themeum_title layout=&#8221;leftborder&#8221; alignment=&#8221;left&#8221; title=&#8221;La m\u00fasica aporta grans beneficis en el desenvolupament dels teus fills&#8221; title_style=&#8221;customstyle&#8221; title_heading=&#8221;h3&#8243; title_size=&#8221;16&#8243; title_line_height=&#8221;0&#8243; title_color=&#8221;#000000&#8243; title_weight=&#8221;700&#8243; title_margin=&#8221;0 0px 26px 0px&#8221; title_padding=&#8221;0&#8243; sub_title_style=&#8221;customstylesub&#8221; sub_title_heading=&#8221;h3&#8243; sub_title_weight=&#8221;&#8221;]\n\t<div class=\"wpb_text_column wpb_content_element  vc_custom_1569801515532\" >\n\t\t<div class=\"wpb_wrapper\">\n\t\t\t<ul>\n<li><span style=\"color: #000000;\">Augment de la mem\u00f2ria, l&#8217;atenci\u00f3 i la concentraci\u00f3.<\/span><\/li>\n<li><span style=\"color: #000000;\">Estimulaci\u00f3 de la imaginaci\u00f3 i la creativitat.<\/span><\/li>\n<li><span style=\"color: #000000;\">Millora l&#8217;expressi\u00f3 corporal.<\/span><\/li>\n<li><span style=\"color: #000000;\">Desenvolupament de l&#8217;equilibri, els sentits i els m\u00fasculs.<\/span><\/li>\n<li><span style=\"color: #000000;\">Augment de la sociabilitat.<\/span><\/li>\n<li><span style=\"color: #000000;\">Millora l&#8217;expressi\u00f3 emocional.<\/span><\/li>\n<li><span style=\"color: #000000;\">Major control dels estats d&#8217;\u00e0nim.<\/span><\/li>\n<li><span style=\"color: #000000;\">Augment de l&#8217;autoestima<\/span><\/li>\n<\/ul>\n<p><span style=\"color: #000000;\">La m\u00fasica els d\u00f3na l&#8217;oportunitat d&#8217;interactuar amb altres nens i amb adults, donant-los m\u00e9s ocasions per desenvolupar-se en societat. Balls en grup, grups de cant o el simple fet de con\u00e8ixer la mateixa can\u00e7\u00f3 fan que els nens puguin con\u00e8ixer a m\u00e9s gent i divertir-se junts. Quan els m\u00e9s petits poden expressar les seves emocions, experimentar i compartir-les en comunitat se senten m\u00e9s feli\u00e7os.<\/span><\/p>\n\n\t\t<\/div>\n\t<\/div>\n<\/div><\/div><\/div><\/div><div class=\"vc_row wpb_row vc_row-fluid\" data-lang=\"Catalan\"><div class=\"wpb_column vc_column_container vc_col-sm-4\"><div class=\"vc_column-inner\"><div class=\"wpb_wrapper\"><div class=\"vc_empty_space\"   style=\"height: 32px\"><span class=\"vc_empty_space_inner\"><\/span><\/div>[themeum_scholarship_offer image=&#8221;4358&#8243; title=&#8221;M\u00fasica en fam\u00edlia&#8221; title_weight=&#8221;&#8221; subtitle=&#8221;De 0 a 2 anys&#8221; sub_title_size=&#8221;16&#8243; sub_title_weight=&#8221;&#8221;]<span style=\"font-size: 12pt;\">Grups de 3 a 5 nadons acompanyats del pare o la mare. Una sessi\u00f3 setmanal d\u2019una hora.<\/span>[\/themeum_scholarship_offer]<\/div><\/div><\/div><div class=\"wpb_column vc_column_container vc_col-sm-4\"><div class=\"vc_column-inner\"><div class=\"wpb_wrapper\"><div class=\"vc_empty_space\"   style=\"height: 32px\"><span class=\"vc_empty_space_inner\"><\/span><\/div>[themeum_scholarship_offer image=&#8221;4355&#8243; title=&#8221;Sensibilitzaci\u00f3 musical&#8221; title_weight=&#8221;&#8221; subtitle=&#8221;De 2 a 4 anys&#8221; sub_title_size=&#8221;16&#8243; sub_title_weight=&#8221;&#8221;]<span style=\"font-size: 12pt;\">Grups redu\u00efts de 3 a 5 nens i nenes. Una sessi\u00f3 setmanal.<\/span>[\/themeum_scholarship_offer]<\/div><\/div><\/div><div class=\"wpb_column vc_column_container vc_col-sm-4\"><div class=\"vc_column-inner\"><div class=\"wpb_wrapper\"><div class=\"vc_empty_space\"   style=\"height: 32px\"><span class=\"vc_empty_space_inner\"><\/span><\/div>[themeum_scholarship_offer image=&#8221;4360&#8243; title=&#8221;Iniciaci\u00f3 musical&#8221; title_weight=&#8221;&#8221; subtitle=&#8221; De 4 a 6 anys.&#8221; sub_title_size=&#8221;16&#8243; sub_title_weight=&#8221;&#8221;]<span style=\"font-size: 12pt;\">Aqu\u00ed donaran els primers passos en el llenguatge musical d\u2019una manera l\u00fadica i divertida, amb jocs i can\u00e7ons. Tamb\u00e9 tindran oportunitat d\u2019anar coneixent i provant els diferents instruments perqu\u00e8 despr\u00e9s d\u2019aquest curs puguin triar millor el que m\u00e9s els agrada.<\/span>[\/themeum_scholarship_offer]<\/div><\/div><\/div><\/div><div class=\"vc_row wpb_row vc_row-fluid\" data-lang=\"Catalan\"><div class=\"wpb_column vc_column_container vc_col-sm-12\"><div class=\"vc_column-inner\"><div class=\"wpb_wrapper\">[themeum_title alignment=&#8221;left&#8221; title=&#8221;Estem molt a prop de Pla\u00e7a Molina&#8221; title_style=&#8221;standardstyle&#8221; title_heading=&#8221;h3&#8243;]<\/div><\/div><\/div><\/div><div class=\"vc_row wpb_row vc_row-fluid\" data-lang=\"Catalan\"><div class=\"wpb_column vc_column_container vc_col-sm-12\"><div class=\"vc_column-inner\"><div class=\"wpb_wrapper\"><div class=\"wpb_gmaps_widget wpb_content_element\"><div class=\"wpb_wrapper\"><div class=\"wpb_map_wraper\"><iframe loading=\"lazy\" src=\"https:\/\/www.google.com\/maps\/embed?pb=!1m18!1m12!1m3!1d5985.436589480771!2d2.14388006743031!3d41.401923778810456!2m3!1f0!2f0!3f0!3m2!1i1024!2i768!4f13.1!3m3!1m2!1s0x12a4a39622877973%3A0x14161e062f71f219!2sars+viva!5e0!3m2!1ses!2ses!4v1559384978540!5m2!1ses!2ses\" width=\"600\" height=\"450\" frameborder=\"0\" style=\"border:0\" allowfullscreen><\/iframe><\/div><\/div><\/div>\n<div class=\"wpcf7 no-js\" id=\"wpcf7-f1677-o1\" lang=\"en-US\" dir=\"ltr\" data-wpcf7-id=\"1677\">\n<div class=\"screen-reader-response\"><p role=\"status\" aria-live=\"polite\" aria-atomic=\"true\"><\/p> <ul><\/ul><\/div>\n<form action=\"\/es\/wp-json\/wp\/v2\/pages\/4525#wpcf7-f1677-o1\" method=\"post\" class=\"wpcf7-form init\" aria-label=\"Contact form\" novalidate=\"novalidate\" data-status=\"init\">\n<fieldset class=\"hidden-fields-container\"><input type=\"hidden\" name=\"_wpcf7\" value=\"1677\" \/><input type=\"hidden\" name=\"_wpcf7_version\" value=\"6.1.5\" \/><input type=\"hidden\" name=\"_wpcf7_locale\" value=\"en_US\" \/><input type=\"hidden\" name=\"_wpcf7_unit_tag\" value=\"wpcf7-f1677-o1\" \/><input type=\"hidden\" name=\"_wpcf7_container_post\" value=\"0\" \/><input type=\"hidden\" name=\"_wpcf7_posted_data_hash\" value=\"\" \/>\n<\/fieldset>\n<h2>Envia'ns un missatge\n<\/h2>\n<div class=\"row\">\n\t<div class=\"col-sm-4\">\n\t\t<div class=\"bg-contact\">\n\t\t\t<p><span class=\"wpcf7-form-control-wrap\" data-name=\"your-name\"><input size=\"40\" maxlength=\"400\" class=\"wpcf7-form-control wpcf7-text wpcf7-validates-as-required\" aria-required=\"true\" aria-invalid=\"false\" placeholder=\"El teu nom*\" value=\"\" type=\"text\" name=\"your-name\" \/><\/span>\n\t\t\t<\/p>\n\t\t<\/div>\n\t<\/div>\n\t<div class=\"col-sm-4\">\n\t\t<div class=\"bg-contact\">\n\t\t\t<p><span class=\"wpcf7-form-control-wrap\" data-name=\"your-email\"><input size=\"40\" maxlength=\"400\" class=\"wpcf7-form-control wpcf7-email wpcf7-validates-as-required wpcf7-text wpcf7-validates-as-email\" aria-required=\"true\" aria-invalid=\"false\" placeholder=\"El teu email*\" value=\"\" type=\"email\" name=\"your-email\" \/><\/span>\n\t\t\t<\/p>\n\t\t<\/div>\n\t<\/div>\n\t<div class=\"col-sm-4\">\n\t\t<div class=\"bg-contact\">\n\t\t\t<p><span class=\"wpcf7-form-control-wrap\" data-name=\"phone\"><input size=\"40\" maxlength=\"400\" class=\"wpcf7-form-control wpcf7-text\" aria-invalid=\"false\" placeholder=\"El teu n\u00famero de tel\u00e8fon\" value=\"\" type=\"text\" name=\"phone\" \/><\/span>\n\t\t\t<\/p>\n\t\t<\/div>\n\t<\/div>\n\t<div class=\"col-sm-12\">\n\t\t<div class=\"bg-contact\">\n\t\t\t<p><span class=\"wpcf7-form-control-wrap\" data-name=\"your-message\"><textarea cols=\"40\" rows=\"10\" maxlength=\"2000\" class=\"wpcf7-form-control wpcf7-textarea\" aria-invalid=\"false\" placeholder=\"Missatge\" name=\"your-message\"><\/textarea><\/span>\n\t\t\t<\/p>\n\t\t<\/div>\n\t<\/div>\n\t<div class=\"col-sm-4\">\n\t\t<div class=\"bg-contact\">\n\t\t\t<div id=\"cf7sr-69f34177ddfd6\" class=\"cf7sr-g-recaptcha\" data-theme=\"light\" data-type=\"image\" data-size=\"normal\" data-sitekey=\"6LeytS8iAAAAACHHdLd9l2xDsEgFAwHMGr5CFBUo\"><\/div><span class=\"wpcf7-form-control-wrap cf7sr-recaptcha\" data-name=\"cf7sr-recaptcha\"><input type=\"hidden\" name=\"cf7sr-recaptcha\" value=\"\" class=\"wpcf7-form-control\"><\/span>\n\t\t\t<\/p>\n\t\t\t<div class=\"col-sm-12\">\n\t\t\t\t<div class=\"contact-submit\">\n\t\t\t\t\t<p><input class=\"wpcf7-form-control wpcf7-submit has-spinner\" type=\"submit\" value=\"Enviar\" \/>\n\t\t\t\t\t<\/p>\n\t\t\t\t<\/div>\n\t\t\t<\/div>\n\t\t<\/div>\n\t<\/div>\n<\/div><p style=\"display: none !important;\" class=\"akismet-fields-container\" data-prefix=\"_wpcf7_ak_\"><label>&#916;<textarea name=\"_wpcf7_ak_hp_textarea\" cols=\"45\" rows=\"8\" maxlength=\"100\"><\/textarea><\/label><input type=\"hidden\" id=\"ak_js_1\" name=\"_wpcf7_ak_js\" value=\"179\"\/><script>document.getElementById( \"ak_js_1\" ).setAttribute( \"value\", ( new Date() ).getTime() );<\/script><\/p><div class=\"wpcf7-response-output\" aria-hidden=\"true\"><\/div>\n<\/form>\n<\/div>\n<\/div><\/div><\/div><\/div><div class=\"vc_row wpb_row vc_row-fluid\" data-lang=\"Catalan\"><div class=\"wpb_column vc_column_container vc_col-sm-12\"><div class=\"vc_column-inner\"><div class=\"wpb_wrapper\"><div class=\"vc_separator wpb_content_element vc_separator_align_center vc_sep_width_100 vc_sep_pos_align_center vc_separator_no_text vc_sep_color_grey\" ><span class=\"vc_sep_holder vc_sep_holder_l\"><span class=\"vc_sep_line\"><\/span><\/span><span class=\"vc_sep_holder vc_sep_holder_r\"><span class=\"vc_sep_line\"><\/span><\/span>\n<\/div><\/div><\/div><\/div><\/div><div class=\"vc_row wpb_row vc_row-fluid\" data-lang=\"Catalan\"><div class=\"wpb_column vc_column_container vc_col-sm-12\"><div class=\"vc_column-inner\"><div class=\"wpb_wrapper\"><\/div><\/div><\/div><\/div>\n<\/section>","protected":false},"excerpt":{"rendered":"[themeum_title layout=\"leftborder\" alignment=\"left\" title=\"La m\u00fasica \u00e9s el llenguatge de les emocions\" title_style=\"customstyle\" title_heading=\"h3\" title_size=\"16\" title_line_height=\"0\" title_color=\"#000000\" title_weight=\"700\" title_margin=\"0 0px 26px 0px\" title_padding=\"0\" sub_title_style=\"customstylesub\" sub_title_heading=\"h3\" sub_title_weight=\"\"] [themeum_title layout=\"leftborder\" alignment=\"left\" title=\"La m\u00fasica [...]","protected":false},"author":1,"featured_media":0,"parent":0,"menu_order":0,"comment_status":"closed","ping_status":"closed","template":"","meta":{"_et_pb_use_builder":"","_et_pb_old_content":"","_et_gb_content_width":"","om_disable_all_campaigns":false,"_monsterinsights_skip_tracking":false,"_monsterinsights_sitenote_active":false,"_monsterinsights_sitenote_note":"","_monsterinsights_sitenote_category":0,"_price":"","_stock":"","_tribe_ticket_header":"","_tribe_default_ticket_provider":"","_tribe_ticket_capacity":"0","_ticket_start_date":"","_ticket_end_date":"","_tribe_ticket_show_description":"","_tribe_ticket_show_not_going":false,"_tribe_ticket_use_global_stock":"","_tribe_ticket_global_stock_level":"","_global_stock_mode":"","_global_stock_cap":"","_tribe_rsvp_for_event":"","_tribe_ticket_going_count":"","_tribe_ticket_not_going_count":"","_tribe_tickets_list":"[]","_tribe_ticket_has_attendee_info_fields":false,"_EventAllDay":false,"_EventTimezone":"","_EventStartDate":"","_EventEndDate":"","_EventStartDateUTC":"","_EventEndDateUTC":"","_EventShowMap":false,"_EventShowMapLink":false,"_EventURL":"","_EventCost":"","_EventCostDescription":"","_EventCurrencySymbol":"","_EventCurrencyCode":"","_EventCurrencyPosition":"","_EventDateTimeSeparator":"","_EventTimeRangeSeparator":"","_EventOrganizerID":[],"_EventVenueID":[],"_OrganizerEmail":"","_OrganizerPhone":"","_OrganizerWebsite":"","_VenueAddress":"","_VenueCity":"","_VenueCountry":"","_VenueProvince":"","_VenueState":"","_VenueZip":"","_VenuePhone":"","_VenueURL":"","_VenueStateProvince":"","_VenueLat":"","_VenueLng":"","_VenueShowMap":false,"_VenueShowMapLink":false,"footnotes":"","_tec_slr_enabled":"","_tec_slr_layout":""},"class_list":["post-4525","page","type-page","status-publish","hentry"],"aioseo_notices":[],"ticketed":false,"_links":{"self":[{"href":"http:\/\/arsvivabcn.com\/es\/wp-json\/wp\/v2\/pages\/4525","targetHints":{"allow":["GET"]}}],"collection":[{"href":"http:\/\/arsvivabcn.com\/es\/wp-json\/wp\/v2\/pages"}],"about":[{"href":"http:\/\/arsvivabcn.com\/es\/wp-json\/wp\/v2\/types\/page"}],"author":[{"embeddable":true,"href":"http:\/\/arsvivabcn.com\/es\/wp-json\/wp\/v2\/users\/1"}],"replies":[{"embeddable":true,"href":"http:\/\/arsvivabcn.com\/es\/wp-json\/wp\/v2\/comments?post=4525"}],"version-history":[{"count":1,"href":"http:\/\/arsvivabcn.com\/es\/wp-json\/wp\/v2\/pages\/4525\/revisions"}],"predecessor-version":[{"id":12160,"href":"http:\/\/arsvivabcn.com\/es\/wp-json\/wp\/v2\/pages\/4525\/revisions\/12160"}],"wp:attachment":[{"href":"http:\/\/arsvivabcn.com\/es\/wp-json\/wp\/v2\/media?parent=4525"}],"curies":[{"name":"wp","href":"https:\/\/api.w.org\/{rel}","templated":true}]}}